{"id":3,"date":"2020-05-06T20:04:53","date_gmt":"2020-05-06T18:04:53","guid":{"rendered":"http:\/\/www.mentel-it.pl\/?page_id=3"},"modified":"2020-05-08T15:15:27","modified_gmt":"2020-05-08T13:15:27","slug":"polityka-prywatnosci","status":"publish","type":"page","link":"https:\/\/www.mentel-it.pl\/index.php\/polityka-prywatnosci\/","title":{"rendered":"Polityka prywatno\u015bci"},"content":{"rendered":"\r\n<p style=\"text-align: justify;\">1. Niniejsza Polityka Prywatno\u015bci okre\u015bla zasady przetwarzania danych osobowych pozyskanych za po\u015brednictwem sklepu internetowego www.Sebastian Mentel IT\/PE Service.pl (zwanego dalej: \u201eSklepem Internetowym\u201d).<br \/>2. W\u0142a\u015bcicielem Sklepu i jednocze\u015bnie administratorem danych jest Sebastian Mentel IT\/PE Service \u2013 Bart\u0142omiej Moc, ul. \u017bywiecka 121\/33, 43-300 Bielsko-Bia\u0142a, Polska NIP: 9372425172, REGON: 365247491 zwana dalej Sebastian Mentel IT\/PE Service.<br \/>3. Dane osobowe zbierane przez Sebastian Mentel IT\/PE Service za po\u015brednictwem strony internetowej s\u0105 przetwarzane zgodnie z Rozporz\u0105dzeniem Parlamentu Europejskiego i Rady (UE) 2016\/679 z dnia 27 kwietnia 2016 r. w sprawie ochrony os\u00f3b fizycznych w zwi\u0105zku z przetwarzaniem danych osobowych i w sprawie swobodnego przep\u0142ywu takich danych oraz uchylenia dyrektywy 95\/46\/WE (og\u00f3lne rozporz\u0105dzenie o ochronie danych), zwane r\u00f3wnie\u017c RODO.<br \/>4. Sebastian Mentel IT\/PE Service dok\u0142ada szczeg\u00f3lnej staranno\u015bci do poszanowania prywatno\u015bci u\u017cytkownik\u00f3w odwiedzaj\u0105cych stron\u0119 firmy.<\/p>\r\n<p style=\"text-align: justify;\"><strong>\u00a7 1 Rodzaj przetwarzanych danych, cele oraz podstawa prawna<\/strong><\/p>\r\n<p style=\"text-align: justify;\">1. Sebastian Mentel IT\/PE Service zbiera informacje dotycz\u0105ce os\u00f3b fizycznych dokonuj\u0105cych czynno\u015bci prawnej niezwi\u0105zanej bezpo\u015brednio z ich dzia\u0142alno\u015bci\u0105, os\u00f3b fizycznych prowadz\u0105cych we w\u0142asnym imieniu dzia\u0142alno\u015b\u0107 gospodarcz\u0105 lub zawodow\u0105 oraz os\u00f3b fizycznych reprezentuj\u0105cych osoby prawne lub jednostki organizacyjne nieb\u0119d\u0105ce osobami prawnymi, kt\u00f3rym ustawa przyznaje zdolno\u015b\u0107 prawn\u0105, prowadz\u0105ce we w\u0142asnym imieniu dzia\u0142alno\u015b\u0107 gospodarcz\u0105 lub zawodow\u0105, zwanych dalej \u0142\u0105cznie u\u017cytkownikami.<br \/>2. Dane osobowe u\u017cytkownik\u00f3w s\u0105 zbierane w przypadku:<br \/>a) rejestracji konta w Sklepie Internetowym, w celu utworzenia indywidualnego konta i zarz\u0105dzania tym kontem. Podstawa prawna: niezb\u0119dno\u015b\u0107 do wykonania umowy o \u015bwiadczenie us\u0142ugi Konta (art. 6 ust. 1 lit. b RODO);<br \/>b) sk\u0142adania zam\u00f3wienia w Sklepie Internetowym, w celu wykonania umowy sprzeda\u017cy. Podstawa prawna: niezb\u0119dno\u015b\u0107 do wykonania umowy sprzeda\u017cy (art. 6 ust. 1 lit. b RODO);<br \/>c) korzystania z us\u0142ugi formularza kontaktowego w celu wykonania umowy \u015bwiadczonej drog\u0105 elektroniczn\u0105. Podstawa prawna: niezb\u0119dno\u015b\u0107 do wykonania umowy o \u015bwiadczenie us\u0142ugi formularza kontaktowego (art. 6 ust. 1 lit. b RODO).<br \/>3. W przypadku skorzystania z us\u0142ugi formularza kontaktowego, podaje nast\u0119puj\u0105ce dane:<br \/>a) adres e-mail;<br \/>b) imi\u0119 i nazwisko.<br \/>4. Podczas korzystania ze Strony Internetowej mog\u0105 by\u0107 pobierane dodatkowe informacje, w szczeg\u00f3lno\u015bci: adres IP przypisany do komputera u\u017cytkownika lub zewn\u0119trzny adres IP dostawcy Internetu, nazwa domeny, rodzaj przegl\u0105darki, czas dost\u0119pu, typ systemu operacyjnego.<br \/>5. Od u\u017cytkownik\u00f3w mog\u0105 by\u0107 tak\u017ce gromadzone dane nawigacyjne, w tym informacje o linkach i odno\u015bnikach, w kt\u00f3re zdecyduj\u0105 si\u0119 klikn\u0105\u0107 lub innych czynno\u015bciach, podejmowanych w naszym Sklepie Internetowym. Podstawa prawna &#8211; prawnie uzasadniony interes (art. 6 ust. 1 lit. f RODO), polegaj\u0105cy na u\u0142atwieniu korzystania z us\u0142ug \u015bwiadczonych drog\u0105 elektroniczn\u0105 oraz na poprawie funkcjonalno\u015bci tych us\u0142ug.<br \/>6. W celu ustalania, dochodzenia i egzekucji roszcze\u0144 mog\u0105 by\u0107 przetwarzane niekt\u00f3re dane osobowe podane przez u\u017cytkownika w ramach korzystania z funkcjonalno\u015bci w Sklepie Internetowym takie jak: imi\u0119, nazwisko, dane dotycz\u0105ce korzystania us\u0142ug, je\u017celi roszczenia wynikaj\u0105 ze sposobu, w jaki u\u017cytkownik korzysta z us\u0142ug, inne dane niezb\u0119dne do udowodnienia istnienia roszczenia, w tym rozmiar\u00f3w poniesionej szkody. Podstawa prawna &#8211; prawnie uzasadniony interes (art. 6 ust. 1 lit. f RODO), polegaj\u0105cy na ustaleniu, dochodzeniu i egzekucji roszcze\u0144 oraz na obronie przed roszczeniami w post\u0119powaniu przed s\u0105dami i innymi organami pa\u0144stwowymi.<br \/>7. Przekazanie danych osobowych do Sebastian Mentel IT\/PE Service jest dobrowolne, w zwi\u0105zku z zawieranymi umowami sprzeda\u017cy, czy te\u017c \u015bwiadczenia us\u0142ug za po\u015brednictwem Strony Internetowej , z tym jednak zastrze\u017ceniem, \u017ce niepodanie okre\u015blonych w formularzach danych w procesie Rejestracji uniemo\u017cliwia Rejestracj\u0119 i za\u0142o\u017cenie konta u\u017cytkownika, za\u015b w przypadku sk\u0142adania zam\u00f3wienia bez Rejestracji Konta u\u017cytkownika uniemo\u017cliwi z\u0142o\u017cenie i realizacj\u0119 zam\u00f3wienia u\u017cytkownika.<\/p>\r\n<p style=\"text-align: justify;\"><strong>\u00a7 2 Komu udost\u0119pniane lub powierzane s\u0105 dane oraz jak d\u0142ugo s\u0105 przechowywane?<\/strong><\/p>\r\n<p style=\"text-align: justify;\">1. Dane osobowe u\u017cytkownika przekazywane s\u0105 dostawcom us\u0142ug, z kt\u00f3rych korzysta Sebastian Mentel IT\/PE Service przy prowadzeniu Sklepu Internetowego. Dostawcy us\u0142ug, kt\u00f3rym przekazywane s\u0105 dane osobowe, w zale\u017cno\u015bci od uzgodnie\u0144 umownych i okoliczno\u015bci, albo podlegaj\u0105 poleceniom Sebastian Mentel IT\/PE Service co do cel\u00f3w i sposob\u00f3w przetwarzania tych danych (podmioty przetwarzaj\u0105ce) albo samodzielnie okre\u015blaj\u0105 cele i sposoby ich przetwarzania (administratorzy).<br \/>a) Podmioty przetwarzaj\u0105ce. Sebastian Mentel IT\/PE Service korzysta z dostawc\u00f3w, kt\u00f3rzy przetwarzaj\u0105 dane osobowe wy\u0142\u0105cznie na polecenie Sebastian Mentel IT\/PE Service. Nale\u017c\u0105 do nich m.in. dostawcy \u015bwiadcz\u0105cy us\u0142ug\u0119 hostingu, us\u0142ugi ksi\u0119gowe, dostarczaj\u0105cy systemy do marketingu, systemy do analizy ruchu w Sklepie Internetowym, systemy do analizy skuteczno\u015bci kampanii marketingowych;<br \/>b) Administratorzy. Sebastian Mentel IT\/PE Service korzysta z dostawc\u00f3w, kt\u00f3rzy nie dzia\u0142aj\u0105 wy\u0142\u0105cznie na polecenie i sami ustalaj\u0105 cele i sposoby wykorzystania danych osobowych u\u017cytkownik\u00f3w. \u015awiadcz\u0105 oni us\u0142ugi p\u0142atno\u015bci elektronicznych oraz bankowe.<br \/>2. Lokalizacja. Dostawcy us\u0142ug maj\u0105 siedzib\u0119 g\u0142\u00f3wnie w Polsce i w innych krajach Europejskiego Obszaru Gospodarczego (EOG).<br \/>3. Dane osobowe u\u017cytkownik\u00f3w przechowywane s\u0105:<br \/>a) W przypadku, gdy podstaw\u0105 przetwarzania danych osobowych jest zgoda w\u00f3wczas dane osobowe u\u017cytkownika przetwarzane s\u0105 przez Sebastian Mentel IT\/PE Service tak d\u0142ugo, a\u017c zgoda nie zostanie odwo\u0142ana, a po odwo\u0142aniu zgody przez okres czasu odpowiadaj\u0105cy okresowi przedawnienia roszcze\u0144 jakie mo\u017ce podnosi\u0107 Sebastian Mentel IT\/PE Service i jakie mog\u0105 by\u0107 podnoszone wobec niego. Je\u017celi przepis szczeg\u00f3lny nie stanowi inaczej, termin przedawnienia wynosi lat dziesi\u0119\u0107, a dla roszcze\u0144 o \u015bwiadczenia okresowe oraz roszcze\u0144 zwi\u0105zanych z prowadzeniem dzia\u0142alno\u015bci gospodarczej &#8211; trzy lata.<br \/>b) W przypadku, gdy podstaw\u0105 przetwarzania danych jest wykonanie umowy, w\u00f3wczas dane osobowe u\u017cytkownika przetwarzane s\u0105 przez Sebastian Mentel IT\/PE Service tak d\u0142ugo, jak jest to niezb\u0119dne do wykonania umowy, a po tym czasie przez okres odpowiadaj\u0105cy okresowi przedawnienia roszcze\u0144. Je\u017celi przepis szczeg\u00f3lny nie stanowi inaczej, termin przedawnienia wynosi lat dziesi\u0119\u0107, a dla roszcze\u0144 o \u015bwiadczenia okresowe oraz roszcze\u0144 zwi\u0105zanych z prowadzeniem dzia\u0142alno\u015bci gospodarczej &#8211; trzy lata.<br \/>4. W przypadku dokonania zakupu w Sklepie dane osobowe mog\u0105 by\u0107 przekazywane firmie kurierskiej, w celu dostarczenia zam\u00f3wionych towar\u00f3w.<br \/>5. Dane nawigacyjne mog\u0105 by\u0107 wykorzystywane w celu zapewnienia u\u017cytkownikom lepszej obs\u0142ugi, analizy danych statystycznych i dostosowania Sklepu Internetowego do preferencji u\u017cytkownik\u00f3w, a tak\u017ce administrowania Sklepem Internetowym.<br \/>6. W przypadku skierowania \u017c\u0105dania Sebastian Mentel IT\/PE Service udost\u0119pnia dane osobowe, uprawnionym organom pa\u0144stwowym, w szczeg\u00f3lno\u015bci jednostkom organizacyjnym Prokuratury, Policji, Prezesowi Urz\u0119du Ochrony Danych Osobowych, Prezesowi Urz\u0119du Ochrony Konkurencji i Konsument\u00f3w lub Prezesowi Urz\u0119du Komunikacji Elektronicznej.<\/p>\r\n<p style=\"text-align: justify;\"><strong>\u00a7 3 Mechanizm cookies, adres IP<\/strong><\/p>\r\n<p style=\"text-align: justify;\">1. Sklep Internetowy u\u017cywa niewielkich plik\u00f3w, zwanych cookies. Zapisywane s\u0105 one przez Sebastian Mentel IT\/PE Service na urz\u0105dzeniu ko\u0144cowym osoby odwiedzaj\u0105cej Sklep Internetowy, je\u017celi przegl\u0105darka internetowa na to pozwala. Plik cookie zwykle zawiera nazw\u0119 domeny, z kt\u00f3rej pochodzi, sw\u00f3j \u201eczas wyga\u015bni\u0119cia&#8221; oraz indywidualn\u0105, losowo wybran\u0105 liczb\u0119 identyfikuj\u0105c\u0105 ten plik. Informacje zbierane za pomoc\u0105 plik\u00f3w tego typu pomagaj\u0105 dostosowywa\u0107 oferowane przez Sebastian Mentel IT\/PE Service produkty do indywidualnych preferencji i rzeczywistych potrzeb os\u00f3b odwiedzaj\u0105cych Sklep Internetowy. Daj\u0105 te\u017c mo\u017cliwo\u015b\u0107 opracowywania og\u00f3lnych statystyk odwiedzin prezentowanych produkt\u00f3w w Sklepie Internetowym.<br \/>2. Sebastian Mentel IT\/PE Service wykorzystuje dwa typy plik\u00f3w cookies:<br \/>a) Cookies sesyjne: po zako\u0144czeniu sesji danej przegl\u0105darki lub wy\u0142\u0105czeniu komputera zapisane informacje s\u0105 usuwane z pami\u0119ci urz\u0105dzenia. Mechanizm cookies sesyjnych nie pozwala na pobieranie jakichkolwiek danych osobowych ani \u017cadnych informacji poufnych z komputer\u00f3w u\u017cytkownik\u00f3w.<br \/>b) Cookies trwa\u0142e: s\u0105 przechowywane w pami\u0119ci urz\u0105dzenia ko\u0144cowego u\u017cytkownika i pozostaj\u0105 tam do momentu ich skasowania lub wyga\u015bni\u0119cia. Mechanizm cookies trwa\u0142ych nie pozwala na pobieranie jakichkolwiek danych osobowych ani \u017cadnych informacji poufnych z komputera u\u017cytkownik\u00f3w.<br \/>3. Sebastian Mentel IT\/PE Service wykorzystuje cookies w\u0142asne w celu:<br \/>a) uwierzytelniania u\u017cytkownika w Sklepie Internetowym i zapewnienia sesji u\u017cytkownika w Sklepie Internetowym (po zalogowaniu), dzi\u0119ki kt\u00f3rej u\u017cytkownik nie musi na ka\u017cdej podstronie Sklepu Internetowego ponownie wpisywa\u0107 loginu i has\u0142a;<br \/>b) analiz i bada\u0144 oraz audytu ogl\u0105dalno\u015bci, a w szczeg\u00f3lno\u015bci do tworzenia anonimowych statystyk, kt\u00f3re pomagaj\u0105 zrozumie\u0107, w jaki spos\u00f3b Klienci korzystaj\u0105 ze Strony Internetowej Sklepu, co umo\u017cliwia ulepszanie jej struktury i zawarto\u015bci.<br \/>4. Sebastian Mentel IT\/PE Service wykorzystuje cookies zewn\u0119trzne w celu:<br \/>a) zbierania og\u00f3lnych i anonimowych danych statycznych za po\u015brednictwem narz\u0119dzi analitycznych Google Analytics (administrator cookies zewn\u0119trznego: Google Inc z siedzib\u0105 w USA);<br \/>5. Mechanizm cookies jest bezpieczny dla komputer\u00f3w u\u017cytkownik\u00f3w Sklepu Internetowego. W szczeg\u00f3lno\u015bci t\u0105 drog\u0105 nie jest mo\u017cliwe przedostanie si\u0119 do komputer\u00f3w u\u017cytkownik\u00f3w wirus\u00f3w lub innego niechcianego oprogramowania lub oprogramowania z\u0142o\u015bliwego. Niemniej w swoich przegl\u0105darkach Klienci maj\u0105 mo\u017cliwo\u015b\u0107 ograniczenia lub wy\u0142\u0105czenia dost\u0119pu plik\u00f3w cookies do komputer\u00f3w. W przypadku skorzystania z tej opcji korzystanie ze Sklepu Internetowego b\u0119dzie mo\u017cliwe, poza funkcjami, kt\u00f3re ze swojej natury wymagaj\u0105 plik\u00f3w cookies.<br \/>6. Poni\u017cej przedstawiamy jak mo\u017cna zmieni\u0107 ustawienia popularnych przegl\u0105darek internetowych w zakresie stosowania plik\u00f3w cookies:<\/p>\r\n<p style=\"text-align: justify;\">a.\u00a0<a href=\"http:\/\/support.microsoft.com\/kb\/196955\">Internet Explorer<\/a><\/p>\r\n<p style=\"text-align: justify;\">b.\u00a0<a href=\"https:\/\/support.google.com\/chrome\/answer\/95647?hl=pl\">Chrome<\/a><\/p>\r\n<p style=\"text-align: justify;\">c.\u00a0<a href=\"http:\/\/support.apple.com\/kb\/PH5042\">Safari<\/a><\/p>\r\n<p style=\"text-align: justify;\">d.\u00a0<a href=\"https:\/\/support.mozilla.org\/pl\/kb\/W%C5%82%C4%85czanie%20i%20wy%C5%82%C4%85czanie%20obs%C5%82ugi%20ciasteczek\">Firefox<\/a><\/p>\r\n<p style=\"text-align: justify;\">e.\u00a0<a href=\"http:\/\/help.opera.com\/Windows\/12.10\/pl\/cookies.html\">Opera<\/a><\/p>\r\n<p style=\"text-align: justify;\">f.\u00a0<a href=\"https:\/\/support.google.com\/chrome\/answer\/95647?hl=pl\">Android<\/a><\/p>\r\n<p style=\"text-align: justify;\">g.\u00a0<a href=\"http:\/\/support.apple.com\/kb\/HT1677?viewlocale=pl_PL\">Safari (iOS)<\/a><\/p>\r\n<p style=\"text-align: justify;\">h.\u00a0<a href=\"http:\/\/www.windowsphone.com\/pl-pl\/how-to\/wp7\/web\/changing-privacy-and-other-browser-settings\">Windows Phone<\/a><\/p>\r\n<p style=\"text-align: justify;\">i.\u00a0<a href=\"http:\/\/docs.blackberry.com\/en\/smartphone_users\/deliverables\/32004\/Turn_off_cookies_in_the_browser_60_1072866_11.jsp\">Blackberry<\/a><\/p>\r\n<p style=\"text-align: justify;\">7. Sebastian Mentel IT\/PE Service mo\u017ce gromadzi\u0107 adresy IP u\u017cytkownik\u00f3w. Adres IP to numer przydzielany komputerowi osoby odwiedzaj\u0105cej Sklep Internetowy przez dostawc\u0119 us\u0142ug internetowych. Numer IP umo\u017cliwia dost\u0119p do Internetu. W wi\u0119kszo\u015bci przypadk\u00f3w jest przypisywany komputerowi dynamicznie, tj. zmienia si\u0119 przy ka\u017cdym po\u0142\u0105czeniu z Internetem i z tego powodu traktowany jest powszechnie, jako nieosobista informacja identyfikuj\u0105ca. Adres IP jest wykorzystywany przez Sebastian Mentel IT\/PE Service przy diagnozowaniu problem\u00f3w technicznych z serwerem, tworzeniu analiz statystycznych (np. okre\u015bleniu, z jakich region\u00f3w notujemy najwi\u0119cej odwiedzin), jako informacja przydatna przy administrowaniu i udoskonalaniu Sklepu Internetowego, a tak\u017ce w celach bezpiecze\u0144stwa oraz ewentualnej identyfikacji obci\u0105\u017caj\u0105cych serwer, niepo\u017c\u0105danych automatycznych program\u00f3w do przegl\u0105dania tre\u015bci Sklepu Internetowego.<br \/>8. Sklep Internetowy zawiera linki i odno\u015bniki do innych stron internetowych. Sebastian Mentel IT\/PE Service nie ponosi odpowiedzialno\u015bci za zasady ochrony prywatno\u015bci na nich obowi\u0105zuj\u0105ce.<\/p>\r\n<p style=\"text-align: justify;\"><strong>\u00a7 4 Prawa os\u00f3b, kt\u00f3rych dane dotycz\u0105<\/strong><\/p>\r\n<p style=\"text-align: justify;\">1. Prawo do cofni\u0119cia zgody &#8211; podstawa prawna: art. 7 ust. 3 RODO.<br \/>a) u\u017cytkownik ma prawo do cofni\u0119cia ka\u017cdej zgody, jakiej udzieli\u0142 Sebastian Mentel IT\/PE Service.<br \/>b) Cofni\u0119cie zgody ma skutek od momentu wycofania zgody.<br \/>c) Cofni\u0119cie zgody nie wp\u0142ywa na przetwarzanie dokonywane przez Sebastian Mentel IT\/PE Service zgodnie z prawem przed jej cofni\u0119ciem.<br \/>d) Cofni\u0119cie zgody nie poci\u0105ga za sob\u0105 dla u\u017cytkownika \u017cadnych negatywnych konsekwencji, mo\u017ce jednak uniemo\u017cliwi\u0107 dalsze korzystanie z us\u0142ug lub funkcjonalno\u015bci, kt\u00f3re zgodnie z prawem Sebastian Mentel IT\/PE Service mo\u017ce \u015bwiadczy\u0107 jedynie za zgod\u0105.<br \/>2. Prawo do sprzeciwu wobec przetwarzania danych &#8211; podstawa prawna: art. 21 RODO.<br \/>a) u\u017cytkownik ma prawo w dowolnym momencie wnie\u015b\u0107 sprzeciw &#8211; z przyczyn zwi\u0105zanych z jego szczeg\u00f3ln\u0105 sytuacj\u0105 &#8211; wobec przetwarzania jego danych osobowych, w tym profilowania, je\u017celi Sebastian Mentel IT\/PE Service przetwarza jego dane w oparciu o prawnie uzasadniony interes, np. marketing produkt\u00f3w i us\u0142ug Sebastian Mentel IT\/PE Service, prowadzenie statystyki korzystania z poszczeg\u00f3lnych funkcjonalno\u015bci Sklepu Internetowego oraz u\u0142atwienie korzystania ze Sklepu Internetowego, a tak\u017ce badanie satysfakcji.<br \/>b) Rezygnacja w formie wiadomo\u015bci e-mail z otrzymywania komunikat\u00f3w marketingowych dotycz\u0105cych produkt\u00f3w lub us\u0142ug, b\u0119dzie oznacza\u0107 sprzeciw u\u017cytkownika na przetwarzanie jego danych osobowych, w tym profilowania w tych celach.<br \/>c) Je\u017celi sprzeciw u\u017cytkownika oka\u017ce si\u0119 zasadny i Sebastian Mentel IT\/PE Service nie b\u0119dzie mia\u0142 innej podstawy prawnej do przetwarzania danych osobowych, dane osobowe u\u017cytkownika zostan\u0105 usuni\u0119te, wobec przetwarzania kt\u00f3rych, u\u017cytkownik wni\u00f3s\u0142 sprzeciw.<br \/>3. Prawo do usuni\u0119cia danych (\u201eprawo do bycia zapomnianym\u201d) &#8211; podstawa prawna: art. 17 RODO.<br \/>a) u\u017cytkownik ma prawo do \u017c\u0105dania usuni\u0119cia wszystkich lub niekt\u00f3rych danych osobowych.<br \/>b) u\u017cytkownik ma prawo \u017c\u0105dania usuni\u0119cia danych osobowych, je\u017celi:<br \/>a. dane osobowe nie s\u0105 ju\u017c niezb\u0119dne do cel\u00f3w, w kt\u00f3rych zosta\u0142y zebrane lub w kt\u00f3rych by\u0142y przetwarzane;<br \/>b. wycofa\u0142 okre\u015blon\u0105 zgod\u0119, w zakresie w jakim dane osobowe by\u0142y przetwarzane w oparciu o jego zgod\u0119;<br \/>c. wni\u00f3s\u0142 sprzeciw wobec wykorzystywania jego danych w celach marketingowych;<br \/>d. dane osobowe s\u0105 przetwarzane niezgodnie z prawem;<br \/>e. dane osobowe musz\u0105 zosta\u0107 usuni\u0119te w celu wywi\u0105zania si\u0119 z obowi\u0105zku prawnego przewidzianego w prawie Unii lub prawie Pa\u0144stwa cz\u0142onkowskiego, kt\u00f3remu Sebastian Mentel IT\/PE Service podlega;<br \/>f. dane osobowe zosta\u0142y zebrane w zwi\u0105zku z oferowaniem us\u0142ug spo\u0142ecze\u0144stwa informacyjnego.<br \/>c) Pomimo \u017c\u0105dania usuni\u0119cia danych osobowych, w zwi\u0105zku z wniesieniem sprzeciwu lub wycofaniem zgody, Sebastian Mentel IT\/PE Service mo\u017ce zachowa\u0107 pewne dane osobowe w zakresie, w jakim przetwarzanie jest niezb\u0119dne do ustalenia, dochodzenia lub obrony roszcze\u0144, jak r\u00f3wnie\u017c do wywi\u0105zania si\u0119 z prawnego obowi\u0105zku wymagaj\u0105cego przetwarzania na mocy prawa Unii lub prawa pa\u0144stwa cz\u0142onkowskiego, kt\u00f3remu podlega Sebastian Mentel IT\/PE Service. Dotyczy to w szczeg\u00f3lno\u015bci danych osobowych obejmuj\u0105cych: imi\u0119, nazwisko, adres e-mail, kt\u00f3re to dane zachowywane s\u0105 dla cel\u00f3w rozpatrywania skarg oraz roszcze\u0144 zwi\u0105zanych z korzystaniem z us\u0142ug Sebastian Mentel IT\/PE Service, czy te\u017c dodatkowo adresu zamieszkania\/adresu korespondencyjnego, numeru zam\u00f3wienia, kt\u00f3re to dane zachowywane s\u0105 dla cel\u00f3w rozpatrywania skarg oraz roszcze\u0144 zwi\u0105zanych z zawartymi umowami sprzeda\u017cy lub \u015bwiadczeniem us\u0142ug.<br \/>4. Prawo do ograniczenia przetwarzania danych &#8211; podstawa prawna: art. 18 RODO.<br \/>a) u\u017cytkownik ma prawo do \u017c\u0105dania ograniczenia przetwarzania jego danych osobowych. Zg\u0142oszenie \u017c\u0105dania, do czasu jego rozpatrzenia uniemo\u017cliwia korzystanie z okre\u015blonych funkcjonalno\u015bci lub us\u0142ug, z kt\u00f3rych korzystanie b\u0119dzie si\u0119 wi\u0105za\u0142o z przetwarzaniem danych obj\u0119tych \u017c\u0105daniem. Sebastian Mentel IT\/PE Service nie b\u0119dzie te\u017c wysy\u0142a\u0142 \u017cadnych komunikat\u00f3w, w tym marketingowych.<br \/>b) u\u017cytkownik ma prawo do \u017c\u0105dania ograniczenia wykorzystania danych osobowych w nast\u0119puj\u0105cych przypadkach:<br \/>a. gdy kwestionuje prawid\u0142owo\u015b\u0107 swoich danych osobowych \u2013 w\u00f3wczas Sebastian Mentel IT\/PE Service ogranicza ich wykorzystanie na czas potrzebny do sprawdzenia prawid\u0142owo\u015bci danych, nie d\u0142u\u017cej jednak ni\u017c na 7 dni;<br \/>b. gdy przetwarzanie danych jest niezgodne z prawem, a zamiast usuni\u0119cia danych u\u017cytkownik za\u017c\u0105da ograniczenia ich wykorzystania;<br \/>c. gdy dane osobowe przesta\u0142y by\u0107 niezb\u0119dne do cel\u00f3w, w kt\u00f3rych zosta\u0142y zebrane lub wykorzystywane ale s\u0105 one potrzebne u\u017cytkownikowi w celu ustalenia, dochodzenia lub obrony roszcze\u0144;<br \/>d. gdy wni\u00f3s\u0142 sprzeciw wobec wykorzystania jego danych \u2013 w\u00f3wczas ograniczenie nast\u0119puje na czas potrzebny do rozwa\u017cenia, czy \u2013 ze wzgl\u0119du na szczeg\u00f3ln\u0105 sytuacj\u0119 \u2013 ochrona interes\u00f3w, praw i wolno\u015bci u\u017cytkownika przewa\u017ca nad interesami, kt\u00f3re realizuje Administrator, przetwarzaj\u0105c dane osobowe u\u017cytkownika.<br \/>5. Prawo dost\u0119pu do danych &#8211; podstawa prawna: art. 15 RODO.<br \/>a) u\u017cytkownik ma prawo uzyska\u0107 od Administratora potwierdzenie, czy przetwarza dane osobowe, a je\u017celi ma to miejsce, u\u017cytkownik ma prawo:<br \/>a. uzyska\u0107 dost\u0119p do swoich danych osobowych;<br \/>b. uzyska\u0107 informacje o celach przetwarzania, kategoriach przetwarzanych danych osobowych, o odbiorcach lub kategoriach odbiorc\u00f3w tych danych, planowanym okresie przechowywania danych u\u017cytkownika albo o kryteriach ustalania tego okresu (gdy okre\u015blenie planowanego okresu przetwarzania danych nie jest mo\u017cliwe), o prawach przys\u0142uguj\u0105cych u\u017cytkownikowi na mocy RODO oraz o prawie wniesienia skargi do organu nadzorczego, o \u017ar\u00f3dle tych danych, o zautomatyzowanym podejmowaniu decyzji, w tym o profilowaniu oraz o zabezpieczeniach stosowanych w zwi\u0105zku z przekazaniem tych danych poza Uni\u0119 Europejsk\u0105;<br \/>c. uzyska\u0107 kopi\u0119 swoich danych osobowych.<br \/>6. Prawo do sprostowania danych &#8211; podstawa prawna: art. 16 RODO.<br \/>a) u\u017cytkownik ma prawo do \u017c\u0105dania od Administratora niezw\u0142ocznego sprostowania dotycz\u0105cych jego danych osobowych, kt\u00f3re s\u0105 nieprawid\u0142owe. Z uwzgl\u0119dnieniem cel\u00f3w przetwarzania, u\u017cytkownik, kt\u00f3rego dane dotycz\u0105 ma prawo \u017c\u0105dania uzupe\u0142nienia niekompletnych danych osobowych, w tym przez przedstawienie dodatkowego o\u015bwiadczenia, kieruj\u0105c pro\u015bb\u0119 na adres poczty elektronicznej zgodnie z \u00a76 Polityki Prywatno\u015bci.<br \/>7. Prawo do przenoszenia danych &#8211; podstawa prawna: art. 20 RODO.<br \/>a) u\u017cytkownik ma prawo otrzyma\u0107 swoje dane osobowe, kt\u00f3re dostarczy\u0142 Administratorowi, a nast\u0119pnie przes\u0142a\u0107 je do innego, wybranego przez siebie, administratora danych osobowych. u\u017cytkownik ma r\u00f3wnie\u017c prawo \u017c\u0105da\u0107, by dane osobowe zosta\u0142y przes\u0142ane przez Administratora bezpo\u015brednio takiemu administratorowi, o ile jest to technicznie mo\u017cliwe. W takim przypadku Administrator prze\u015ble dane osobowe u\u017cytkownika w postaci pliku w formacie csv, kt\u00f3ry jest formatem powszechnie u\u017cywanym, nadaj\u0105cym si\u0119 do odczytu maszynowego i pozwalaj\u0105cym na przes\u0142anie otrzymanych danych do innego administratora danych osobowych.<br \/>8. W sytuacji wyst\u0105pienia przez u\u017cytkownika z uprawnieniem wynikaj\u0105cym z powy\u017cszych praw, Sebastian Mentel IT\/PE Service spe\u0142nia \u017c\u0105danie albo odmawia jego spe\u0142nienia niezw\u0142ocznie, nie p\u00f3\u017aniej jednak ni\u017c w ci\u0105gu miesi\u0105ca po jego otrzymaniu. Je\u017celi jednak &#8211; z uwagi na skomplikowany charakter \u017c\u0105dania lub liczb\u0119 \u017c\u0105da\u0144 \u2013 Sebastian Mentel IT\/PE Service nie b\u0119dzie m\u00f3g\u0142 spe\u0142ni\u0107 \u017c\u0105dania w ci\u0105gu miesi\u0105ca, spe\u0142ni je w ci\u0105gu kolejnych dw\u00f3ch miesi\u0119cy informuj\u0105c u\u017cytkownika uprzednio w terminie miesi\u0105ca od otrzymania \u017c\u0105dania &#8211; o zamierzonym przed\u0142u\u017ceniu terminu oraz jego przyczynach.<br \/>9. u\u017cytkownik mo\u017ce zg\u0142asza\u0107 do Administratora skargi, zapytania i wnioski dotycz\u0105ce przetwarzana jego danych osobowych oraz realizacji przys\u0142uguj\u0105cych mu uprawnie\u0144.<br \/>10. u\u017cytkownik ma prawo \u017c\u0105da\u0107 od Sebastian Mentel IT\/PE Service przekazania kopii standardowych klauzul umownych kieruj\u0105c zapytanie w spos\u00f3b wskazany w \u00a76 Polityki Prywatno\u015bci.<br \/>11. u\u017cytkownikowi przys\u0142uguje prawo do wniesienia skargi do Prezesa Urz\u0119du Ochrony Danych Osobowych, w zakresie naruszenia jego praw do ochrony danych osobowych lub innych praw przyznanych na mocy RODO.<\/p>\r\n<p style=\"text-align: justify;\"><strong>\u00a7 5 Zarz\u0105dzanie bezpiecze\u0144stwem &#8211; has\u0142o<\/strong><\/p>\r\n<p style=\"text-align: justify;\">1. Sebastian Mentel IT\/PE Service zapewnia u\u017cytkownikom bezpieczne i szyfrowane po\u0142\u0105czenie podczas przesy\u0142ania danych osobowych oraz podczas logowania si\u0119 do Konta u\u017cytkownika w Serwisie. Sebastian Mentel IT\/PE Service stosuje certyfikat SSL wystawiony przez jedn\u0105 z czo\u0142owych \u015bwiatowych firm w zakresie bezpiecze\u0144stwa i szyfrowania przesy\u0142anych danych przez sie\u0107 Internet.<br \/>2. W przypadku, gdy u\u017cytkownik posiadaj\u0105cy konto w Sklepie Internetowym utraci\u0142 w jakikolwiek spos\u00f3b has\u0142o dost\u0119pu, Sklep Internetowy umo\u017cliwia wygenerowanie nowego has\u0142a. Sebastian Mentel IT\/PE Service nie wysy\u0142a przypomnienia has\u0142a. Has\u0142o jest przechowywane w formie zaszyfrowanej, w spos\u00f3b uniemo\u017cliwiaj\u0105cy jego odczytanie. Celem wygenerowania nowego has\u0142a nale\u017cy poda\u0107 adres e-mail w formularzu dost\u0119pnym pod linkiem \u201ePrzypomnij has\u0142o\u201d, podanym przy formularzu logowania do konta w Sklepie Internetowym. u\u017cytkownik na adres poczty elektronicznej podany podczas rejestracji lub zapisany w ostatniej zmianie profilu konta otrzyma wiadomo\u015b\u0107 elektroniczn\u0105 zawieraj\u0105c\u0105 przekierowanie do dedykowanego formularza udost\u0119pnionego na Stronie Internetowej Sklepu, gdzie u\u017cytkownik b\u0119dzie mia\u0142 mo\u017cliwo\u015b\u0107 ustalenia nowego has\u0142a.<br \/>3. Sebastian Mentel IT\/PE Service nigdy nie wysy\u0142a \u017cadnej korespondencji, w tym korespondencji elektronicznej z pro\u015bb\u0105 o podanie danych do logowania, a w szczeg\u00f3lno\u015bci has\u0142a dost\u0119powego do konta u\u017cytkownika.<\/p>\r\n<p style=\"text-align: justify;\"><strong>\u00a7 6 Zmiany Polityki Prywatno\u015bci<\/strong><\/p>\r\n<p style=\"text-align: justify;\">1. Polityka Prywatno\u015bci mo\u017ce ulec zmianie, o czym Sebastian Mentel IT\/PE Service poinformuje u\u017cytkownik\u00f3w z wyprzedzeniem 7 dni.<br \/>2. Pytania zwi\u0105zane z Polityk\u0105 Prywatno\u015bci prosimy kierowa\u0107 na adres: biuro@mentel-it.pl<br \/>3. Data ostatniej modyfikacji: 08.05.2019 r.<\/p>\r\n<p>&nbsp;<\/p>\r\n","protected":false},"excerpt":{"rendered":"<p>1. Niniejsza Polityka Prywatno\u015bci okre\u015bla zasady przetwarzania danych osobowych pozyskanych za po\u015brednictwem sklepu internetowego www.Sebastian Mentel IT\/PE Service.pl (zwanego dalej: \u201eSklepem Internetowym\u201d).2. W\u0142a\u015bcicielem Sklepu i jednocze\u015bnie administratorem danych jest Sebastian Mentel IT\/PE Service \u2013 Bart\u0142omiej Moc, ul. \u017bywiecka 121\/33, 43-300 Bielsko-Bia\u0142a, Polska NIP: 9372425172, REGON: 365247491 zwana dalej Sebastian Mentel IT\/PE Service.3. Dane osobowe zbierane [&hellip;]<\/p>\n","protected":false},"author":1,"featured_media":0,"parent":0,"menu_order":0,"comment_status":"closed","ping_status":"open","template":"","meta":{"footnotes":""},"class_list":["post-3","page","type-page","status-publish","hentry"],"yoast_head":"<!-- This site is optimized with the Yoast SEO Premium plugin v18.9 (Yoast SEO v27.4) - https:\/\/yoast.com\/product\/yoast-seo-premium-wordpress\/ -->\n<title>Polityka prywatno\u015bci - Sebastian Mentel IT\/PE Service<\/title>\n<meta name=\"robots\" content=\"index, follow, max-snippet:-1, max-image-preview:large, max-video-preview:-1\" \/>\n<link rel=\"canonical\" href=\"https:\/\/www.mentel-it.pl\/index.php\/polityka-prywatnosci\/\" \/>\n<meta property=\"og:locale\" content=\"pl_PL\" \/>\n<meta property=\"og:type\" content=\"article\" \/>\n<meta property=\"og:title\" content=\"Polityka prywatno\u015bci\" \/>\n<meta property=\"og:description\" content=\"1. Niniejsza Polityka Prywatno\u015bci okre\u015bla zasady przetwarzania danych osobowych pozyskanych za po\u015brednictwem sklepu internetowego www.Sebastian Mentel IT\/PE Service.pl (zwanego dalej: \u201eSklepem Internetowym\u201d).2. W\u0142a\u015bcicielem Sklepu i jednocze\u015bnie administratorem danych jest Sebastian Mentel IT\/PE Service \u2013 Bart\u0142omiej Moc, ul. \u017bywiecka 121\/33, 43-300 Bielsko-Bia\u0142a, Polska NIP: 9372425172, REGON: 365247491 zwana dalej Sebastian Mentel IT\/PE Service.3. Dane osobowe zbierane [&hellip;]\" \/>\n<meta property=\"og:url\" content=\"https:\/\/www.mentel-it.pl\/index.php\/polityka-prywatnosci\/\" \/>\n<meta property=\"og:site_name\" content=\"Sebastian Mentel IT\/PE Service\" \/>\n<meta property=\"article:modified_time\" content=\"2020-05-08T13:15:27+00:00\" \/>\n<meta name=\"twitter:card\" content=\"summary_large_image\" \/>\n<meta name=\"twitter:label1\" content=\"Szacowany czas czytania\" \/>\n\t<meta name=\"twitter:data1\" content=\"17 minut\" \/>\n<script type=\"application\/ld+json\" class=\"yoast-schema-graph\">{\"@context\":\"https:\\\/\\\/schema.org\",\"@graph\":[{\"@type\":\"WebPage\",\"@id\":\"https:\\\/\\\/www.mentel-it.pl\\\/index.php\\\/polityka-prywatnosci\\\/\",\"url\":\"https:\\\/\\\/www.mentel-it.pl\\\/index.php\\\/polityka-prywatnosci\\\/\",\"name\":\"Polityka prywatno\u015bci - Sebastian Mentel IT\\\/PE Service\",\"isPartOf\":{\"@id\":\"https:\\\/\\\/www.mentel-it.pl\\\/#website\"},\"datePublished\":\"2020-05-06T18:04:53+00:00\",\"dateModified\":\"2020-05-08T13:15:27+00:00\",\"breadcrumb\":{\"@id\":\"https:\\\/\\\/www.mentel-it.pl\\\/index.php\\\/polityka-prywatnosci\\\/#breadcrumb\"},\"inLanguage\":\"pl-PL\",\"potentialAction\":[{\"@type\":\"ReadAction\",\"target\":[\"https:\\\/\\\/www.mentel-it.pl\\\/index.php\\\/polityka-prywatnosci\\\/\"]}]},{\"@type\":\"BreadcrumbList\",\"@id\":\"https:\\\/\\\/www.mentel-it.pl\\\/index.php\\\/polityka-prywatnosci\\\/#breadcrumb\",\"itemListElement\":[{\"@type\":\"ListItem\",\"position\":1,\"name\":\"Strona g\u0142\u00f3wna\",\"item\":\"https:\\\/\\\/www.mentel-it.pl\\\/\"},{\"@type\":\"ListItem\",\"position\":2,\"name\":\"Polityka prywatno\u015bci\"}]},{\"@type\":\"WebSite\",\"@id\":\"https:\\\/\\\/www.mentel-it.pl\\\/#website\",\"url\":\"https:\\\/\\\/www.mentel-it.pl\\\/\",\"name\":\"Sebastian Mentel IT\\\/PE Service\",\"description\":\"Us\u0142ugi w zakresie projektowania, budowy i zarz\u0105dzania sieciami \u015bwiat\u0142owodowymi, monitoring, kontrola dost\u0119pu\",\"publisher\":{\"@id\":\"https:\\\/\\\/www.mentel-it.pl\\\/#organization\"},\"potentialAction\":[{\"@type\":\"SearchAction\",\"target\":{\"@type\":\"EntryPoint\",\"urlTemplate\":\"https:\\\/\\\/www.mentel-it.pl\\\/?s={search_term_string}\"},\"query-input\":{\"@type\":\"PropertyValueSpecification\",\"valueRequired\":true,\"valueName\":\"search_term_string\"}}],\"inLanguage\":\"pl-PL\"},{\"@type\":\"Organization\",\"@id\":\"https:\\\/\\\/www.mentel-it.pl\\\/#organization\",\"name\":\"Sebastian Mentel IT\\\/PE Service\",\"url\":\"https:\\\/\\\/www.mentel-it.pl\\\/\",\"logo\":{\"@type\":\"ImageObject\",\"inLanguage\":\"pl-PL\",\"@id\":\"https:\\\/\\\/www.mentel-it.pl\\\/#\\\/schema\\\/logo\\\/image\\\/\",\"url\":\"https:\\\/\\\/www.mentel-it.pl\\\/wp-content\\\/uploads\\\/2022\\\/08\\\/streaming-wideo.jpg\",\"contentUrl\":\"https:\\\/\\\/www.mentel-it.pl\\\/wp-content\\\/uploads\\\/2022\\\/08\\\/streaming-wideo.jpg\",\"width\":1920,\"height\":1080,\"caption\":\"Sebastian Mentel IT\\\/PE Service\"},\"image\":{\"@id\":\"https:\\\/\\\/www.mentel-it.pl\\\/#\\\/schema\\\/logo\\\/image\\\/\"}}]}<\/script>\n<!-- \/ Yoast SEO Premium plugin. -->","yoast_head_json":{"title":"Polityka prywatno\u015bci - Sebastian Mentel IT\/PE Service","robots":{"index":"index","follow":"follow","max-snippet":"max-snippet:-1","max-image-preview":"max-image-preview:large","max-video-preview":"max-video-preview:-1"},"canonical":"https:\/\/www.mentel-it.pl\/index.php\/polityka-prywatnosci\/","og_locale":"pl_PL","og_type":"article","og_title":"Polityka prywatno\u015bci","og_description":"1. Niniejsza Polityka Prywatno\u015bci okre\u015bla zasady przetwarzania danych osobowych pozyskanych za po\u015brednictwem sklepu internetowego www.Sebastian Mentel IT\/PE Service.pl (zwanego dalej: \u201eSklepem Internetowym\u201d).2. W\u0142a\u015bcicielem Sklepu i jednocze\u015bnie administratorem danych jest Sebastian Mentel IT\/PE Service \u2013 Bart\u0142omiej Moc, ul. \u017bywiecka 121\/33, 43-300 Bielsko-Bia\u0142a, Polska NIP: 9372425172, REGON: 365247491 zwana dalej Sebastian Mentel IT\/PE Service.3. Dane osobowe zbierane [&hellip;]","og_url":"https:\/\/www.mentel-it.pl\/index.php\/polityka-prywatnosci\/","og_site_name":"Sebastian Mentel IT\/PE Service","article_modified_time":"2020-05-08T13:15:27+00:00","twitter_card":"summary_large_image","twitter_misc":{"Szacowany czas czytania":"17 minut"},"schema":{"@context":"https:\/\/schema.org","@graph":[{"@type":"WebPage","@id":"https:\/\/www.mentel-it.pl\/index.php\/polityka-prywatnosci\/","url":"https:\/\/www.mentel-it.pl\/index.php\/polityka-prywatnosci\/","name":"Polityka prywatno\u015bci - Sebastian Mentel IT\/PE Service","isPartOf":{"@id":"https:\/\/www.mentel-it.pl\/#website"},"datePublished":"2020-05-06T18:04:53+00:00","dateModified":"2020-05-08T13:15:27+00:00","breadcrumb":{"@id":"https:\/\/www.mentel-it.pl\/index.php\/polityka-prywatnosci\/#breadcrumb"},"inLanguage":"pl-PL","potentialAction":[{"@type":"ReadAction","target":["https:\/\/www.mentel-it.pl\/index.php\/polityka-prywatnosci\/"]}]},{"@type":"BreadcrumbList","@id":"https:\/\/www.mentel-it.pl\/index.php\/polityka-prywatnosci\/#breadcrumb","itemListElement":[{"@type":"ListItem","position":1,"name":"Strona g\u0142\u00f3wna","item":"https:\/\/www.mentel-it.pl\/"},{"@type":"ListItem","position":2,"name":"Polityka prywatno\u015bci"}]},{"@type":"WebSite","@id":"https:\/\/www.mentel-it.pl\/#website","url":"https:\/\/www.mentel-it.pl\/","name":"Sebastian Mentel IT\/PE Service","description":"Us\u0142ugi w zakresie projektowania, budowy i zarz\u0105dzania sieciami \u015bwiat\u0142owodowymi, monitoring, kontrola dost\u0119pu","publisher":{"@id":"https:\/\/www.mentel-it.pl\/#organization"},"potentialAction":[{"@type":"SearchAction","target":{"@type":"EntryPoint","urlTemplate":"https:\/\/www.mentel-it.pl\/?s={search_term_string}"},"query-input":{"@type":"PropertyValueSpecification","valueRequired":true,"valueName":"search_term_string"}}],"inLanguage":"pl-PL"},{"@type":"Organization","@id":"https:\/\/www.mentel-it.pl\/#organization","name":"Sebastian Mentel IT\/PE Service","url":"https:\/\/www.mentel-it.pl\/","logo":{"@type":"ImageObject","inLanguage":"pl-PL","@id":"https:\/\/www.mentel-it.pl\/#\/schema\/logo\/image\/","url":"https:\/\/www.mentel-it.pl\/wp-content\/uploads\/2022\/08\/streaming-wideo.jpg","contentUrl":"https:\/\/www.mentel-it.pl\/wp-content\/uploads\/2022\/08\/streaming-wideo.jpg","width":1920,"height":1080,"caption":"Sebastian Mentel IT\/PE Service"},"image":{"@id":"https:\/\/www.mentel-it.pl\/#\/schema\/logo\/image\/"}}]}},"_links":{"self":[{"href":"https:\/\/www.mentel-it.pl\/index.php\/wp-json\/wp\/v2\/pages\/3","targetHints":{"allow":["GET"]}}],"collection":[{"href":"https:\/\/www.mentel-it.pl\/index.php\/wp-json\/wp\/v2\/pages"}],"about":[{"href":"https:\/\/www.mentel-it.pl\/index.php\/wp-json\/wp\/v2\/types\/page"}],"author":[{"embeddable":true,"href":"https:\/\/www.mentel-it.pl\/index.php\/wp-json\/wp\/v2\/users\/1"}],"replies":[{"embeddable":true,"href":"https:\/\/www.mentel-it.pl\/index.php\/wp-json\/wp\/v2\/comments?post=3"}],"version-history":[{"count":3,"href":"https:\/\/www.mentel-it.pl\/index.php\/wp-json\/wp\/v2\/pages\/3\/revisions"}],"predecessor-version":[{"id":8223,"href":"https:\/\/www.mentel-it.pl\/index.php\/wp-json\/wp\/v2\/pages\/3\/revisions\/8223"}],"wp:attachment":[{"href":"https:\/\/www.mentel-it.pl\/index.php\/wp-json\/wp\/v2\/media?parent=3"}],"curies":[{"name":"wp","href":"https:\/\/api.w.org\/{rel}","templated":true}]}}